{"id":37,"date":"2024-03-12T13:36:57","date_gmt":"2024-03-12T12:36:57","guid":{"rendered":"https:\/\/casaitaliamedellin.com\/?page_id=37"},"modified":"2026-03-06T16:53:23","modified_gmt":"2026-03-06T15:53:23","slug":"nosotros","status":"publish","type":"page","link":"https:\/\/casaitaliamedellin.com\/index.php\/nosotros\/","title":{"rendered":"Nosotros"},"content":{"rendered":"<p>[et_pb_section fb_built=\u00bb1&#8243; specialty=\u00bbon\u00bb next_background_color=\u00bb#ffffff\u00bb padding_top_1=\u00bb50px\u00bb padding_top_bottom_link_1=\u00bbfalse\u00bb padding_left_right_link_1=\u00bbfalse\u00bb padding_1_tablet=\u00bb0px||||false|false\u00bb padding_1_phone=\u00bb\u00bb padding_1_last_edited=\u00bbon|phone\u00bb disabled_on=\u00bboff|off|off\u00bb admin_label=\u00bbHeader\u00bb _builder_version=\u00bb4.24.2&#8243; background_color=\u00bb#32326d\u00bb custom_padding=\u00bb||37px|||\u00bb bottom_divider_style=\u00bbwave\u00bb bottom_divider_height=\u00bb200px\u00bb bottom_divider_repeat=\u00bb1.2x\u00bb locked=\u00bboff\u00bb global_colors_info=\u00bb{}\u00bb][et_pb_column type=\u00bb1_2&#8243; specialty_columns=\u00bb2&#8243; _builder_version=\u00bb4.16&#8243; custom_padding=\u00bb|||\u00bb global_colors_info=\u00bb{}\u00bb custom_padding__hover=\u00bb|||\u00bb][et_pb_row_inner _builder_version=\u00bb4.16&#8243; custom_margin=\u00bb||||false|false\u00bb custom_margin_last_edited=\u00bboff|tablet\u00bb global_colors_info=\u00bb{}\u00bb][et_pb_column_inner saved_specialty_column_type=\u00bb1_2&#8243; _builder_version=\u00bb4.16&#8243; global_colors_info=\u00bb{}\u00bb][et_pb_divider color=\u00bb#e02d36&#8243; divider_position=\u00bbcenter\u00bb divider_weight=\u00bb1px\u00bb _builder_version=\u00bb4.24.2&#8243; width=\u00bb120px\u00bb height=\u00bb5px\u00bb box_shadow_style=\u00bbpreset7&#8243; box_shadow_horizontal=\u00bb40px\u00bb box_shadow_vertical=\u00bb0px\u00bb box_shadow_color=\u00bb#e02d36&#8243; locked=\u00bboff\u00bb global_colors_info=\u00bb{}\u00bb][\/et_pb_divider][et_pb_text _builder_version=\u00bb4.24.2&#8243; header_4_font=\u00bbPT Sans|700||on|||||\u00bb header_4_text_color=\u00bb#FFFFFF\u00bb header_4_font_size=\u00bb11px\u00bb header_4_letter_spacing=\u00bb1px\u00bb custom_margin=\u00bb-38px|||130px|false|false\u00bb custom_padding=\u00bb||||false|false\u00bb locked=\u00bboff\u00bb global_colors_info=\u00bb{}\u00bb]<\/p>\n<h4>\u00bfQui\u00e9nes somos?<\/h4>\n<p>[\/et_pb_text][et_pb_text _builder_version=\u00bb4.24.2&#8243; text_font=\u00bbPT Sans||||||||\u00bb text_text_color=\u00bb#dbdbdb\u00bb text_font_size=\u00bb16px\u00bb text_line_height=\u00bb1.8em\u00bb header_font=\u00bbMarcellus|700|||||||\u00bb header_text_color=\u00bb#FFFFFF\u00bb header_font_size=\u00bb60px\u00bb header_line_height=\u00bb1.1em\u00bb header_font_size_tablet=\u00bb40px\u00bb header_font_size_phone=\u00bb30px\u00bb header_font_size_last_edited=\u00bbon|phone\u00bb global_colors_info=\u00bb{}\u00bb]<\/p>\n<h1>Nosotros<\/h1>\n<p>Somos un centro de lengua y cultura italiana, ubicado en Medell\u00edn. Te acercamos a Italia a trav\u00e9s de procesos de inmersi\u00f3n en el aprendizaje del idioma y la expresi\u00f3n art\u00edstica. Como miembros de la red ge4Cities, de la Fundaci\u00f3n GaragErasmus, facilitamos la movilidad acad\u00e9mica y la gesti\u00f3n de proyectos de impacto social y laboral entre Colombia y la Uni\u00f3n Europea.<\/p>\n<p>&nbsp;<\/p>\n<p>[\/et_pb_text][\/et_pb_column_inner][\/et_pb_row_inner][et_pb_row_inner column_structure=\u00bb1_2,1_2&#8243; use_custom_gutter=\u00bbon\u00bb gutter_width=\u00bb2&#8243; _builder_version=\u00bb4.16&#8243; custom_margin_tablet=\u00bb-30px||||false|false\u00bb custom_margin_last_edited=\u00bboff|desktop\u00bb global_colors_info=\u00bb{}\u00bb][et_pb_column_inner type=\u00bb1_2&#8243; saved_specialty_column_type=\u00bb1_2&#8243; _builder_version=\u00bb4.16&#8243; global_colors_info=\u00bb{}\u00bb][et_pb_button button_url=\u00bb#down\u00bb button_text=\u00bbVer m\u00e1s\u00bb _builder_version=\u00bb4.24.2&#8243; custom_button=\u00bbon\u00bb button_text_size=\u00bb17px\u00bb button_text_color=\u00bb#ffffff\u00bb button_bg_color=\u00bb#007aff\u00bb button_border_width=\u00bb0px\u00bb button_border_radius=\u00bb100px\u00bb button_letter_spacing=\u00bb0px\u00bb button_font=\u00bbLato|900|||||||\u00bb button_use_icon=\u00bboff\u00bb custom_margin_tablet=\u00bb40px||40px||true|false\u00bb custom_margin_last_edited=\u00bboff|tablet\u00bb custom_padding=\u00bb20px|24px|20px|24px|true|true\u00bb box_shadow_style=\u00bbpreset3&#8243; box_shadow_blur=\u00bb28px\u00bb box_shadow_spread=\u00bb-10px\u00bb box_shadow_color=\u00bbrgba(0,122,255,0.33)\u00bb locked=\u00bboff\u00bb global_colors_info=\u00bb{}\u00bb box_shadow_color__hover=\u00bb#2585b2&#8243; box_shadow_blur__hover_enabled=\u00bboff\u00bb box_shadow_blur__hover=\u00bb20px\u00bb box_shadow_vertical__hover_enabled=\u00bboff\u00bb box_shadow_vertical__hover=\u00bb10px\u00bb][\/et_pb_button][\/et_pb_column_inner][et_pb_column_inner type=\u00bb1_2&#8243; saved_specialty_column_type=\u00bb1_2&#8243; _builder_version=\u00bb4.16&#8243; global_colors_info=\u00bb{}\u00bb][\/et_pb_column_inner][\/et_pb_row_inner][\/et_pb_column][et_pb_column type=\u00bb1_2&#8243; _builder_version=\u00bb4.16&#8243; custom_padding=\u00bb|||\u00bb global_colors_info=\u00bb{}\u00bb custom_padding__hover=\u00bb|||\u00bb][et_pb_image src=\u00bbhttps:\/\/casaitaliamedellin.com\/wp-content\/uploads\/2024\/03\/tutor-02.jpg\u00bb title_text=\u00bbtutor-02&#8243; _builder_version=\u00bb4.24.2&#8243; background_image=\u00bbhttps:\/\/casaitaliamedellin.com\/wp-content\/uploads\/2024\/03\/tutor-02.jpg\u00bb width=\u00bb90%\u00bb max_height_last_edited=\u00bboff|tablet\u00bb custom_margin=\u00bb||30px||false|false\u00bb global_colors_info=\u00bb{}\u00bb][\/et_pb_image][\/et_pb_column][\/et_pb_section][et_pb_section fb_built=\u00bb1&#8243; _builder_version=\u00bb4.24.2&#8243; _module_preset=\u00bbdefault\u00bb background_image=\u00bbhttps:\/\/casaitaliamedellin.com\/wp-content\/uploads\/2024\/03\/section-texture.jpg\u00bb global_colors_info=\u00bb{}\u00bb][et_pb_row column_structure=\u00bb1_2,1_2&#8243; module_id=\u00bbdown\u00bb _builder_version=\u00bb4.24.2&#8243; custom_margin_tablet=\u00bb||-80px||false|false\u00bb custom_margin_phone=\u00bb\u00bb custom_margin_last_edited=\u00bbon|tablet\u00bb locked=\u00bboff\u00bb global_colors_info=\u00bb{}\u00bb][et_pb_column type=\u00bb1_2&#8243; _builder_version=\u00bb4.16&#8243; background_color=\u00bb#ffffff\u00bb custom_padding=\u00bb30px|30px|30px|30px|true|true\u00bb custom_padding_tablet=\u00bb\u00bb custom_padding_phone=\u00bb|20px||20px|true|true\u00bb custom_padding_last_edited=\u00bbon|phone\u00bb border_radii=\u00bbon|10px|10px|10px|10px\u00bb box_shadow_style=\u00bbpreset1&#8243; box_shadow_color=\u00bbrgba(12,113,195,0.13)\u00bb global_colors_info=\u00bb{}\u00bb][et_pb_text _builder_version=\u00bb4.24.2&#8243; text_font=\u00bbLato||||||||\u00bb text_font_size=\u00bb16px\u00bb header_font=\u00bb||||||||\u00bb header_3_font=\u00bbMarcellus|700|||||||\u00bb header_3_text_color=\u00bb#0f8d35&#8243; header_3_font_size=\u00bb28px\u00bb header_3_line_height=\u00bb1.2em\u00bb header_3_font_size_tablet=\u00bb24px\u00bb header_3_font_size_phone=\u00bb18px\u00bb header_3_font_size_last_edited=\u00bbon|phone\u00bb global_colors_info=\u00bb{}\u00bb]<\/p>\n<h3>Prop\u00f3sito<\/h3>\n<p>Casa Italia Medell\u00edn es una entidad sin \u00e1nimo de lucro (ESAL), que tiene como objeto educar en el idioma italiano para el trabajo y el desarrollo humano, siendo su principal fin contribuir en el proceso de transformaci\u00f3n e integraci\u00f3n de la identidad cultural italiana en la ciudad de Medell\u00edn. Casa Italia Medell\u00edn facilita espacios, medios y recursos para la promoci\u00f3n y apropiaci\u00f3n del capital cultural italiano a trav\u00e9s de estrategias de adquisici\u00f3n de competencias ling\u00fc\u00edsticas, proyectos y programas de internacionalizaci\u00f3n.<\/p>\n<p>[\/et_pb_text][\/et_pb_column][et_pb_column type=\u00bb1_2&#8243; _builder_version=\u00bb4.16&#8243; background_color=\u00bb#ffffff\u00bb custom_padding=\u00bb30px|30px|30px|30px|true|true\u00bb custom_padding_tablet=\u00bb\u00bb custom_padding_phone=\u00bb|20px||20px|true|true\u00bb custom_padding_last_edited=\u00bbon|phone\u00bb border_radii=\u00bbon|10px|10px|10px|10px\u00bb box_shadow_style=\u00bbpreset1&#8243; box_shadow_color=\u00bbrgba(12,113,195,0.13)\u00bb global_colors_info=\u00bb{}\u00bb][et_pb_text _builder_version=\u00bb4.24.2&#8243; text_font=\u00bbLato||||||||\u00bb text_font_size=\u00bb16px\u00bb header_font=\u00bb||||||||\u00bb header_3_font=\u00bbMarcellus|700|||||||\u00bb header_3_text_color=\u00bb#0f8d35&#8243; header_3_font_size=\u00bb28px\u00bb header_3_line_height=\u00bb1.2em\u00bb header_3_font_size_tablet=\u00bb24px\u00bb header_3_font_size_phone=\u00bb18px\u00bb header_3_font_size_last_edited=\u00bbon|phone\u00bb global_colors_info=\u00bb{}\u00bb]<\/p>\n<h3>Aspiraci\u00f3n colectiva<\/h3>\n<p>Para el a\u00f1o 2030 Casa Italia Medell\u00edn ser\u00e1 reconocida como referente en la ciudad para la adquisici\u00f3n de competencias ling\u00fc\u00edsticas y la apropiaci\u00f3n de la cultura italiana; y en Italia como el centro ideal para la integraci\u00f3n y el descubrimiento de la cultura colombiana. Se caracterizar\u00e1 por la calidad y excelencia pedag\u00f3gica, la mediaci\u00f3n cultural estrat\u00e9gica y la dinamizaci\u00f3n de oportunidades de intercambio acad\u00e9mico, laboral y cultural entre Colombia e Italia.<\/p>\n<p>[\/et_pb_text][\/et_pb_column][\/et_pb_row][et_pb_row _builder_version=\u00bb4.24.2&#8243; _module_preset=\u00bbdefault\u00bb global_colors_info=\u00bb{}\u00bb][et_pb_column type=\u00bb4_4&#8243; _builder_version=\u00bb4.24.2&#8243; _module_preset=\u00bbdefault\u00bb global_colors_info=\u00bb{}\u00bb][et_pb_text _builder_version=\u00bb4.24.2&#8243; _module_preset=\u00bbdefault\u00bb header_3_font=\u00bbMarcellus||||||||\u00bb header_3_text_align=\u00bbcenter\u00bb header_3_text_color=\u00bb#32326d\u00bb header_3_font_size=\u00bb40px\u00bb locked=\u00bboff\u00bb global_colors_info=\u00bb{}\u00bb]<\/p>\n<h3>Equipo<\/h3>\n<p>[\/et_pb_text][\/et_pb_column][\/et_pb_row][et_pb_row column_structure=\u00bb1_4,1_4,1_4,1_4&#8243; _builder_version=\u00bb4.24.2&#8243; _module_preset=\u00bbdefault\u00bb global_colors_info=\u00bb{}\u00bb][et_pb_column type=\u00bb1_4&#8243; _builder_version=\u00bb4.24.2&#8243; _module_preset=\u00bbdefault\u00bb global_colors_info=\u00bb{}\u00bb][et_pb_image src=\u00bbhttps:\/\/casaitaliamedellin.com\/wp-content\/uploads\/2026\/01\/Giovanni.png\u00bb title_text=\u00bbGiovanni\u00bb _builder_version=\u00bb4.24.2&#8243; _module_preset=\u00bbdefault\u00bb border_radii=\u00bbon|20px|20px|20px|20px\u00bb global_colors_info=\u00bb{}\u00bb][\/et_pb_image][et_pb_text _builder_version=\u00bb4.24.2&#8243; _module_preset=\u00bbdefault\u00bb text_font_size=\u00bb15px\u00bb header_font=\u00bbMarcellus SC||||||||\u00bb header_4_font=\u00bbMarcellus SC|700|||||||\u00bb header_4_text_color=\u00bb#32326d\u00bb header_4_font_size=\u00bb24px\u00bb text_orientation=\u00bbcenter\u00bb global_colors_info=\u00bb{}\u00bb]<\/p>\n<h4>Giovanni Toro<\/h4>\n<p><em>Direcci\u00f3n General Colombia <\/em><\/p>\n<p>[\/et_pb_text][\/et_pb_column][et_pb_column type=\u00bb1_4&#8243; _builder_version=\u00bb4.24.2&#8243; _module_preset=\u00bbdefault\u00bb global_colors_info=\u00bb{}\u00bb][et_pb_image src=\u00bbhttps:\/\/casaitaliamedellin.com\/wp-content\/uploads\/2026\/01\/Carlo-Bitetto.png\u00bb title_text=\u00bbCarlo Bitetto\u00bb _builder_version=\u00bb4.24.2&#8243; _module_preset=\u00bbdefault\u00bb border_radii=\u00bbon|20px|20px|20px|20px\u00bb global_colors_info=\u00bb{}\u00bb][\/et_pb_image][et_pb_text _builder_version=\u00bb4.24.2&#8243; _module_preset=\u00bbdefault\u00bb text_font_size=\u00bb15px\u00bb header_font=\u00bbMarcellus SC||||||||\u00bb header_4_font=\u00bbMarcellus SC|700|||||||\u00bb header_4_text_color=\u00bb#32326d\u00bb header_4_font_size=\u00bb24px\u00bb text_orientation=\u00bbcenter\u00bb global_colors_info=\u00bb{}\u00bb]<\/p>\n<h4>Carlo Bitetto<\/h4>\n<p><em>Direcci\u00f3n General Italia <\/em><em><span>garagErasmus Foundation<\/span><\/em><\/p>\n<p><em><\/em><\/p>\n<p>[\/et_pb_text][\/et_pb_column][et_pb_column type=\u00bb1_4&#8243; _builder_version=\u00bb4.24.2&#8243; _module_preset=\u00bbdefault\u00bb global_colors_info=\u00bb{}\u00bb][et_pb_image src=\u00bbhttps:\/\/casaitaliamedellin.com\/wp-content\/uploads\/2026\/01\/Eliana-Fusca.png\u00bb title_text=\u00bbEliana Fusca\u00bb _builder_version=\u00bb4.24.2&#8243; _module_preset=\u00bbdefault\u00bb border_radii=\u00bbon|20px|20px|20px|20px\u00bb global_colors_info=\u00bb{}\u00bb][\/et_pb_image][et_pb_text _builder_version=\u00bb4.24.2&#8243; _module_preset=\u00bbdefault\u00bb text_font_size=\u00bb15px\u00bb header_font=\u00bbMarcellus SC||||||||\u00bb header_4_font=\u00bbMarcellus SC|700|||||||\u00bb header_4_text_color=\u00bb#32326d\u00bb header_4_font_size=\u00bb24px\u00bb text_orientation=\u00bbcenter\u00bb global_colors_info=\u00bb{}\u00bb]<\/p>\n<h4>Eliana Fusca<\/h4>\n<p><em>Direcci\u00f3n Acad\u00e9mica<\/em><\/p>\n<p>[\/et_pb_text][\/et_pb_column][et_pb_column type=\u00bb1_4&#8243; _builder_version=\u00bb4.24.2&#8243; _module_preset=\u00bbdefault\u00bb global_colors_info=\u00bb{}\u00bb][et_pb_image src=\u00bbhttps:\/\/casaitaliamedellin.com\/wp-content\/uploads\/2026\/02\/Pilar.png\u00bb title_text=\u00bbPilar\u00bb _builder_version=\u00bb4.24.2&#8243; _module_preset=\u00bbdefault\u00bb border_radii=\u00bbon|20px|20px|20px|20px\u00bb global_colors_info=\u00bb{}\u00bb][\/et_pb_image][et_pb_text _builder_version=\u00bb4.24.2&#8243; _module_preset=\u00bbdefault\u00bb text_font_size=\u00bb15px\u00bb header_font=\u00bbMarcellus SC||||||||\u00bb header_4_font=\u00bbMarcellus SC|700|||||||\u00bb header_4_text_color=\u00bb#32326d\u00bb header_4_font_size=\u00bb24px\u00bb text_orientation=\u00bbcenter\u00bb global_colors_info=\u00bb{}\u00bb]<\/p>\n<h4>Pilar Ballesteros<\/h4>\n<p><em>L\u00edder de Cooperaci\u00f3n y Relaciones Interinstitucionales<\/em><\/p>\n<p>[\/et_pb_text][\/et_pb_column][\/et_pb_row][et_pb_row column_structure=\u00bb1_4,1_4,1_4,1_4&#8243; _builder_version=\u00bb4.24.2&#8243; _module_preset=\u00bbdefault\u00bb global_colors_info=\u00bb{}\u00bb][et_pb_column type=\u00bb1_4&#8243; _builder_version=\u00bb4.24.2&#8243; _module_preset=\u00bbdefault\u00bb global_colors_info=\u00bb{}\u00bb][et_pb_image src=\u00bbhttps:\/\/casaitaliamedellin.com\/wp-content\/uploads\/2026\/01\/Manuel.png\u00bb title_text=\u00bbManuel\u00bb _builder_version=\u00bb4.24.2&#8243; _module_preset=\u00bbdefault\u00bb border_radii=\u00bbon|20px|20px|20px|20px\u00bb global_colors_info=\u00bb{}\u00bb][\/et_pb_image][et_pb_text _builder_version=\u00bb4.24.2&#8243; _module_preset=\u00bbdefault\u00bb text_font_size=\u00bb15px\u00bb header_font=\u00bbMarcellus SC||||||||\u00bb header_4_font=\u00bbMarcellus SC|700|||||||\u00bb header_4_text_color=\u00bb#32326d\u00bb header_4_font_size=\u00bb24px\u00bb text_orientation=\u00bbcenter\u00bb global_colors_info=\u00bb{}\u00bb]<\/p>\n<h4>Manuel Castrill\u00f3n<\/h4>\n<p><em>L\u00edder de Cultura y Relacionamiento<\/em><\/p>\n<p>[\/et_pb_text][\/et_pb_column][et_pb_column type=\u00bb1_4&#8243; _builder_version=\u00bb4.24.2&#8243; _module_preset=\u00bbdefault\u00bb global_colors_info=\u00bb{}\u00bb][et_pb_image src=\u00bbhttps:\/\/casaitaliamedellin.com\/wp-content\/uploads\/2026\/01\/Juan.png\u00bb title_text=\u00bbJuan\u00bb _builder_version=\u00bb4.24.2&#8243; _module_preset=\u00bbdefault\u00bb border_radii=\u00bbon|20px|20px|20px|20px\u00bb global_colors_info=\u00bb{}\u00bb][\/et_pb_image][et_pb_text _builder_version=\u00bb4.24.2&#8243; _module_preset=\u00bbdefault\u00bb text_font_size=\u00bb15px\u00bb header_font=\u00bbMarcellus SC||||||||\u00bb header_4_font=\u00bbMarcellus SC|700|||||||\u00bb header_4_text_color=\u00bb#32326d\u00bb header_4_font_size=\u00bb24px\u00bb text_orientation=\u00bbcenter\u00bb global_colors_info=\u00bb{}\u00bb]<\/p>\n<h4>Juan Diego Rinc\u00f3n<\/h4>\n<p><em>Estratega Digital<\/em><\/p>\n<p>[\/et_pb_text][\/et_pb_column][et_pb_column type=\u00bb1_4&#8243; _builder_version=\u00bb4.24.2&#8243; _module_preset=\u00bbdefault\u00bb global_colors_info=\u00bb{}\u00bb][et_pb_image src=\u00bbhttps:\/\/casaitaliamedellin.com\/wp-content\/uploads\/2026\/01\/Fabio.png\u00bb title_text=\u00bbFabio\u00bb _builder_version=\u00bb4.24.2&#8243; _module_preset=\u00bbdefault\u00bb border_radii=\u00bbon|20px|20px|20px|20px\u00bb global_colors_info=\u00bb{}\u00bb][\/et_pb_image][et_pb_text _builder_version=\u00bb4.24.2&#8243; _module_preset=\u00bbdefault\u00bb text_font_size=\u00bb15px\u00bb header_font=\u00bbMarcellus SC||||||||\u00bb header_4_font=\u00bbMarcellus SC|700|||||||\u00bb header_4_text_color=\u00bb#32326d\u00bb header_4_font_size=\u00bb24px\u00bb text_orientation=\u00bbcenter\u00bb global_colors_info=\u00bb{}\u00bb]<\/p>\n<h4>Fabio Cruz<\/h4>\n<p><em>L\u00edder de Ecosistemas Art\u00edsticos<\/em><\/p>\n<p>[\/et_pb_text][\/et_pb_column][et_pb_column type=\u00bb1_4&#8243; _builder_version=\u00bb4.24.2&#8243; _module_preset=\u00bbdefault\u00bb global_colors_info=\u00bb{}\u00bb][\/et_pb_column][\/et_pb_row][\/et_pb_section][et_pb_section fb_built=\u00bb1&#8243; _builder_version=\u00bb4.24.2&#8243; _module_preset=\u00bbdefault\u00bb background_color=\u00bb#0f8d35&#8243; global_colors_info=\u00bb{}\u00bb][et_pb_row _builder_version=\u00bb4.24.2&#8243; _module_preset=\u00bbdefault\u00bb global_colors_info=\u00bb{}\u00bb][et_pb_column type=\u00bb4_4&#8243; _builder_version=\u00bb4.24.2&#8243; _module_preset=\u00bbdefault\u00bb global_colors_info=\u00bb{}\u00bb][et_pb_text _builder_version=\u00bb4.24.2&#8243; _module_preset=\u00bbdefault\u00bb header_3_font=\u00bbMarcellus||||||||\u00bb header_3_text_align=\u00bbcenter\u00bb header_3_text_color=\u00bb#FFFFFF\u00bb header_3_font_size=\u00bb40px\u00bb global_colors_info=\u00bb{}\u00bb]<\/p>\n<h3>Aliados estrat\u00e9gicos<\/h3>\n<p>[\/et_pb_text][\/et_pb_column][\/et_pb_row][et_pb_row column_structure=\u00bb1_4,1_4,1_4,1_4&#8243; _builder_version=\u00bb4.24.2&#8243; _module_preset=\u00bbdefault\u00bb global_colors_info=\u00bb{}\u00bb][et_pb_column type=\u00bb1_4&#8243; _builder_version=\u00bb4.24.2&#8243; _module_preset=\u00bbdefault\u00bb global_colors_info=\u00bb{}\u00bb][et_pb_image src=\u00bbhttps:\/\/casaitaliamedellin.com\/wp-content\/uploads\/2026\/01\/gargErasmusFoundation.png\u00bb title_text=\u00bbgargErasmusFoundation\u00bb url=\u00bbhttps:\/\/garagerasmus.org\/es\/\u00bb url_new_window=\u00bbon\u00bb _builder_version=\u00bb4.24.2&#8243; _module_preset=\u00bbdefault\u00bb background_color=\u00bb#FFFFFF\u00bb global_colors_info=\u00bb{}\u00bb][\/et_pb_image][\/et_pb_column][et_pb_column type=\u00bb1_4&#8243; _builder_version=\u00bb4.24.2&#8243; _module_preset=\u00bbdefault\u00bb global_colors_info=\u00bb{}\u00bb][et_pb_image src=\u00bbhttps:\/\/casaitaliamedellin.com\/wp-content\/uploads\/2026\/01\/ge4Medellin.png\u00bb title_text=\u00bbge4Medellin\u00bb _builder_version=\u00bb4.24.2&#8243; _module_preset=\u00bbdefault\u00bb background_color=\u00bb#FFFFFF\u00bb hover_enabled=\u00bb0&#8243; global_colors_info=\u00bb{}\u00bb url=\u00bbhttps:\/\/garagerasmus.org\/es\/ge4cities\/\u00bb url_new_window=\u00bbon\u00bb sticky_enabled=\u00bb0&#8243;][\/et_pb_image][\/et_pb_column][et_pb_column type=\u00bb1_4&#8243; _builder_version=\u00bb4.24.2&#8243; _module_preset=\u00bbdefault\u00bb global_colors_info=\u00bb{}\u00bb][et_pb_image src=\u00bbhttps:\/\/casaitaliamedellin.com\/wp-content\/uploads\/2026\/01\/EliPublishing.png\u00bb title_text=\u00bbEliPublishing\u00bb url=\u00bbhttps:\/\/elionline.com\/\u00bb url_new_window=\u00bbon\u00bb _builder_version=\u00bb4.24.2&#8243; _module_preset=\u00bbdefault\u00bb background_color=\u00bb#FFFFFF\u00bb global_colors_info=\u00bb{}\u00bb][\/et_pb_image][\/et_pb_column][et_pb_column type=\u00bb1_4&#8243; _builder_version=\u00bb4.24.2&#8243; _module_preset=\u00bbdefault\u00bb global_colors_info=\u00bb{}\u00bb][et_pb_image src=\u00bbhttps:\/\/casaitaliamedellin.com\/wp-content\/uploads\/2026\/01\/DantePLIDA.png\u00bb title_text=\u00bbDantePLIDA\u00bb url=\u00bbhttps:\/\/plida.dante.global\/en\/plida-exams\u00bb url_new_window=\u00bbon\u00bb _builder_version=\u00bb4.24.2&#8243; _module_preset=\u00bbdefault\u00bb global_colors_info=\u00bb{}\u00bb][\/et_pb_image][\/et_pb_column][\/et_pb_row][et_pb_row column_structure=\u00bb1_4,1_4,1_4,1_4&#8243; _builder_version=\u00bb4.24.2&#8243; _module_preset=\u00bbdefault\u00bb global_colors_info=\u00bb{}\u00bb][et_pb_column type=\u00bb1_4&#8243; _builder_version=\u00bb4.24.2&#8243; _module_preset=\u00bbdefault\u00bb global_colors_info=\u00bb{}\u00bb][et_pb_image src=\u00bbhttps:\/\/casaitaliamedellin.com\/wp-content\/uploads\/2026\/01\/ScuolaDanteRecanati-1.png\u00bb title_text=\u00bbScuolaDanteRecanati\u00bb url=\u00bbhttps:\/\/www.scuoladantealighieri.org\/\u00bb url_new_window=\u00bbon\u00bb _builder_version=\u00bb4.24.2&#8243; _module_preset=\u00bbdefault\u00bb global_colors_info=\u00bb{}\u00bb][\/et_pb_image][\/et_pb_column][et_pb_column type=\u00bb1_4&#8243; _builder_version=\u00bb4.24.2&#8243; _module_preset=\u00bbdefault\u00bb global_colors_info=\u00bb{}\u00bb][et_pb_image src=\u00bbhttps:\/\/casaitaliamedellin.com\/wp-content\/uploads\/2026\/01\/AccademiaItaliana.png\u00bb title_text=\u00bbAccademiaItaliana\u00bb url=\u00bbhttps:\/\/accademia-italiana.it\/es\/\u00bb url_new_window=\u00bbon\u00bb _builder_version=\u00bb4.24.2&#8243; _module_preset=\u00bbdefault\u00bb global_colors_info=\u00bb{}\u00bb][\/et_pb_image][\/et_pb_column][et_pb_column type=\u00bb1_4&#8243; _builder_version=\u00bb4.24.2&#8243; _module_preset=\u00bbdefault\u00bb global_colors_info=\u00bb{}\u00bb][et_pb_image src=\u00bbhttps:\/\/casaitaliamedellin.com\/wp-content\/uploads\/2026\/01\/POLI-JIC.png\u00bb title_text=\u00bbPOLI JIC\u00bb url=\u00bbhttps:\/\/www.politecnicojic.edu.co\/\u00bb url_new_window=\u00bbon\u00bb _builder_version=\u00bb4.24.2&#8243; _module_preset=\u00bbdefault\u00bb global_colors_info=\u00bb{}\u00bb][\/et_pb_image][\/et_pb_column][et_pb_column type=\u00bb1_4&#8243; _builder_version=\u00bb4.24.2&#8243; _module_preset=\u00bbdefault\u00bb global_colors_info=\u00bb{}\u00bb][et_pb_image src=\u00bbhttps:\/\/casaitaliamedellin.com\/wp-content\/uploads\/2026\/01\/ILP.png\u00bb title_text=\u00bbILP\u00bb url=\u00bbhttps:\/\/www.ilpcolombia.com\/\u00bb url_new_window=\u00bbon\u00bb _builder_version=\u00bb4.24.2&#8243; _module_preset=\u00bbdefault\u00bb global_colors_info=\u00bb{}\u00bb][\/et_pb_image][\/et_pb_column][\/et_pb_row][\/et_pb_section][et_pb_section fb_built=\u00bb1&#8243; _builder_version=\u00bb4.24.2&#8243; _module_preset=\u00bbdefault\u00bb global_colors_info=\u00bb{}\u00bb][et_pb_row _builder_version=\u00bb4.24.2&#8243; _module_preset=\u00bbdefault\u00bb global_colors_info=\u00bb{}\u00bb][et_pb_column type=\u00bb4_4&#8243; _builder_version=\u00bb4.24.2&#8243; _module_preset=\u00bbdefault\u00bb global_colors_info=\u00bb{}\u00bb][et_pb_text _builder_version=\u00bb4.24.2&#8243; _module_preset=\u00bbdefault\u00bb header_3_font=\u00bbMarcellus||||||||\u00bb header_3_text_align=\u00bbcenter\u00bb header_3_text_color=\u00bb#32326d\u00bb header_3_font_size=\u00bb40px\u00bb locked=\u00bboff\u00bb global_colors_info=\u00bb{}\u00bb]<\/p>\n<h3>Nuestra historia<\/h3>\n<p>[\/et_pb_text][\/et_pb_column][\/et_pb_row][et_pb_row column_structure=\u00bb1_2,1_2&#8243; _builder_version=\u00bb4.24.2&#8243; _module_preset=\u00bbdefault\u00bb global_colors_info=\u00bb{}\u00bb][et_pb_column type=\u00bb1_2&#8243; _builder_version=\u00bb4.24.2&#8243; _module_preset=\u00bbdefault\u00bb global_colors_info=\u00bb{}\u00bb][et_pb_text _builder_version=\u00bb4.24.2&#8243; _module_preset=\u00bbdefault\u00bb text_font_size=\u00bb15px\u00bb global_colors_info=\u00bb{}\u00bb]<\/p>\n<p><span>El amor por Italia, ese v\u00ednculo emocional inexplicable por su riqueza cultural, hist\u00f3rica, arquitect\u00f3nica, adem\u00e1s de la belleza de sus paisajes, ciudades de arte y una gastronom\u00eda catalogada entre las mejores del mundo, hizo que a finales de su carrera el se\u00f1or Giovanni Toro iniciara su preparaci\u00f3n en el idioma italiano con el prop\u00f3sito de viajar a Italia. <\/span><span><\/span><\/p>\n<p><span>Una vez terminada su prepraci\u00f3n en italiano, se desempe\u00f1\u00f3 como profesor de italiano e int\u00e9rprete en ferias de negocios o misiones comerciales organizadas por la C\u00e1mara de Comercio de Italia para Colombia en Medell\u00edn, donde conoci\u00f3 a su colega, la se\u00f1ora Eliana Fusca, colombiana de ascendencia italiana con quien estableci\u00f3 una relaci\u00f3n de amistad y colaboraci\u00f3n mutua para la ense\u00f1anza de este bello idioma.<\/span><span><\/span><\/p>\n<p><span>Este recorrido y el conocimiento de personas e instituciones presentes en el \u00e1mbito internacional, que trabajan por mantener vivo su idioma y su cultura, hicieron que se cuestionara el porqu\u00e9 en Medell\u00edn, una ciudad con tanta oferta educativa y cultural, no se contaba con una instituci\u00f3n que integrara el idioma, la cultura y la generaci\u00f3n de oportunidades para las personas que, como \u00e9l, compart\u00edan ese mismo gusto.<\/span><\/p>\n<p>[\/et_pb_text][\/et_pb_column][et_pb_column type=\u00bb1_2&#8243; _builder_version=\u00bb4.24.2&#8243; _module_preset=\u00bbdefault\u00bb global_colors_info=\u00bb{}\u00bb][et_pb_image src=\u00bbhttps:\/\/casaitaliamedellin.com\/wp-content\/uploads\/2026\/01\/DSC4607-scaled.jpg\u00bb title_text=\u00bb_DSC4607&#8243; _builder_version=\u00bb4.24.2&#8243; _module_preset=\u00bbdefault\u00bb global_colors_info=\u00bb{}\u00bb][\/et_pb_image][\/et_pb_column][\/et_pb_row][et_pb_row column_structure=\u00bb1_2,1_2&#8243; _builder_version=\u00bb4.24.2&#8243; _module_preset=\u00bbdefault\u00bb global_colors_info=\u00bb{}\u00bb][et_pb_column type=\u00bb1_2&#8243; _builder_version=\u00bb4.24.2&#8243; _module_preset=\u00bbdefault\u00bb global_colors_info=\u00bb{}\u00bb][et_pb_image src=\u00bbhttps:\/\/casaitaliamedellin.com\/wp-content\/uploads\/2026\/01\/20.jpg\u00bb title_text=\u00bb20&#8243; _builder_version=\u00bb4.24.2&#8243; _module_preset=\u00bbdefault\u00bb border_radii=\u00bbon|15px|15px|15px|15px\u00bb box_shadow_style=\u00bbpreset4&#8243; box_shadow_color=\u00bbRGBA(255,255,255,0)\u00bb global_colors_info=\u00bb{}\u00bb][\/et_pb_image][\/et_pb_column][et_pb_column type=\u00bb1_2&#8243; _builder_version=\u00bb4.24.2&#8243; _module_preset=\u00bbdefault\u00bb global_colors_info=\u00bb{}\u00bb][et_pb_text _builder_version=\u00bb4.24.2&#8243; _module_preset=\u00bbdefault\u00bb text_font_size=\u00bb15px\u00bb global_colors_info=\u00bb{}\u00bb]<\/p>\n<p>Luego de haber tenido la oportunidad de viajar a Italia en varias ocasiones, por motivos laborales y acad\u00e9micos, en su retorno a Colombia, y a\u00fan m\u00e1s motivado por las experiencias vividas, inici\u00f3 sus preparaci\u00f3n en formulaci\u00f3n de proyectos con el fin de dar inicio a los estudios de factibilidad para abrir en la ciudad las puertas de Casa Italia Medell\u00edn, y el proceso de articular un grupo de personas que apoyaran esta iniciativa, entre las cuales se encuentra su colega Eliana Fusca y otros amigos cercanos, quienes motivados por el gusto y amor por Italia encontraron en este proyecto una oportunidad para su desarrollo personal.<\/p>\n<p>&nbsp;<\/p>\n<p><span><\/span><\/p>\n<p>[\/et_pb_text][\/et_pb_column][\/et_pb_row][et_pb_row _builder_version=\u00bb4.24.2&#8243; _module_preset=\u00bbdefault\u00bb min_height=\u00bb258.6px\u00bb global_colors_info=\u00bb{}\u00bb][et_pb_column type=\u00bb4_4&#8243; _builder_version=\u00bb4.24.2&#8243; _module_preset=\u00bbdefault\u00bb global_colors_info=\u00bb{}\u00bb][et_pb_text _builder_version=\u00bb4.24.2&#8243; _module_preset=\u00bbdefault\u00bb custom_padding=\u00bb||19px|||\u00bb global_colors_info=\u00bb{}\u00bb]<\/p>\n<p>Es as\u00ed como en 2020 nace Casa Italia Medell\u00edn, como una necesidad sentida en nuestra ciudad de tener una conexi\u00f3n con Europa y en particular con Italia. Luego, junto con el se\u00f1or Carlo Bitetto, director de GaragErasmus Foundation, se encuentra la oportunidad de estrechar las manos para trabajar en la misma direcci\u00f3n y se gesta en Casa Italia Medell\u00edn la primera sede local de la fundaci\u00f3n en Am\u00e9rica Latina, gE4Medell\u00edn.<\/p>\n<p>[\/et_pb_text][\/et_pb_column][\/et_pb_row][\/et_pb_section]<\/p>\n","protected":false},"excerpt":{"rendered":"<p>\u00bfQui\u00e9nes somos?Nosotros Somos un centro de lengua y cultura italiana, ubicado en Medell\u00edn. Te acercamos a Italia a trav\u00e9s de procesos de inmersi\u00f3n en el aprendizaje del idioma y la expresi\u00f3n art\u00edstica. Como miembros de la red ge4Cities, de la Fundaci\u00f3n GaragErasmus, facilitamos la movilidad acad\u00e9mica y la gesti\u00f3n de proyectos de impacto social y [&hellip;]<\/p>\n","protected":false},"author":1,"featured_media":0,"parent":0,"menu_order":0,"comment_status":"closed","ping_status":"closed","template":"","meta":{"_et_pb_use_builder":"on","_et_pb_old_content":"","_et_gb_content_width":"","_joinchat":[],"footnotes":""},"class_list":["post-37","page","type-page","status-publish","hentry"],"_links":{"self":[{"href":"https:\/\/casaitaliamedellin.com\/index.php\/wp-json\/wp\/v2\/pages\/37","targetHints":{"allow":["GET"]}}],"collection":[{"href":"https:\/\/casaitaliamedellin.com\/index.php\/wp-json\/wp\/v2\/pages"}],"about":[{"href":"https:\/\/casaitaliamedellin.com\/index.php\/wp-json\/wp\/v2\/types\/page"}],"author":[{"embeddable":true,"href":"https:\/\/casaitaliamedellin.com\/index.php\/wp-json\/wp\/v2\/users\/1"}],"replies":[{"embeddable":true,"href":"https:\/\/casaitaliamedellin.com\/index.php\/wp-json\/wp\/v2\/comments?post=37"}],"version-history":[{"count":24,"href":"https:\/\/casaitaliamedellin.com\/index.php\/wp-json\/wp\/v2\/pages\/37\/revisions"}],"predecessor-version":[{"id":271,"href":"https:\/\/casaitaliamedellin.com\/index.php\/wp-json\/wp\/v2\/pages\/37\/revisions\/271"}],"wp:attachment":[{"href":"https:\/\/casaitaliamedellin.com\/index.php\/wp-json\/wp\/v2\/media?parent=37"}],"curies":[{"name":"wp","href":"https:\/\/api.w.org\/{rel}","templated":true}]}}